{"id":375,"date":"2018-04-23T19:40:07","date_gmt":"2018-04-23T19:40:07","guid":{"rendered":"http:\/\/gsmulsum-kutenholz.de\/?page_id=375"},"modified":"2026-01-23T12:53:07","modified_gmt":"2026-01-23T10:53:07","slug":"unsere-schule-von-a-z","status":"publish","type":"page","link":"https:\/\/gsmulsum-kutenholz.de\/?page_id=375","title":{"rendered":"Schule von A &#8211; Z"},"content":{"rendered":"<p><strong>Abholen\/Bringen<\/strong><br \/>\nWir sind eine \u00f6ffentliche Schule und die Eltern und Bezugspersonen unserer Schulkinder begr\u00fc\u00dfen wir gerne in unserer Schule.<br \/>\nIm Interesse der Selbstst\u00e4ndigkeit Ihrer Kinder bedenken Sie aber bitte, Ihre Kinder nach einer kurzen Eingew\u00f6hnungsphase in der ersten Klasse nicht mehr direkt bis in den Klassenraum zu bringen bzw. vor der Klassent\u00fcr abzuholen, sondern <strong>vor<\/strong> der Eingangst\u00fcr zu warten!<br \/>\nBitte bringen Sie Ihr Kind nur in Ausnahmef\u00e4llen mit dem Auto zur Schule.<\/p>\n<p><strong>Adress\u00e4nderung<\/strong><br \/>\nTeilen Sie uns bitte umgehend alle \u00c4nderungen (Adresse, Telefonnummer, Handynummer, Email) mit, damit wir Sie im Notfall jederzeit erreichen k\u00f6nnen. Au\u00dferdem muss Schule \u00fcber alle \u00c4nderungen, die Ihr Kind betreffen, zum Beispiel Trennung der Eltern und daraus resultierenden Folgen, informiert werden.<\/p>\n<p><strong>Ampel<\/strong><br \/>\nAlle Fu\u00dfg\u00e4nger und Radfahrer \u00fcberqueren die Stader Stra\u00dfe in Mulsum oder die Schulstra\u00dfe in Kutenholz nur im Bereich der Fu\u00dfg\u00e4nger-Ampel!<\/p>\n<p><strong>Arbeitsgemeinschaften<\/strong><br \/>\nAn der Schule werden f\u00fcr Klasse 3 und 4 verpflichtend unterschiedliche Arbeitsgemeinschaften angeboten. Am Anfang eines Schulhalbjahres werden die Arbeitsgemeinschaften gew\u00e4hlt und k\u00f6nnen aus Sch\u00fclersicht nicht gewechselt werden.<\/p>\n<p><strong>Betreuung<\/strong><br \/>\nDa wir eine verl\u00e4ssliche Grundschule sind, besteht an beiden Standorten die M\u00f6glichkeit, Kinder der Eingangsstufe in der 5. Stunde bis 13:00 Uhr betreuen zu lassen. Diese Betreuung ist in erster Linie f\u00fcr berufst\u00e4tige Eltern gedacht. Dazu ist eine verbindliche Anmeldung erforderlich, dabei k\u00f6nnen Sie bestimmte Tage oder die ganze Woche w\u00e4hlen. Bitte sehen Sie von kurzfristigen Abmeldungen ab, sie erschweren unn\u00f6tig den Schulalltag.<\/p>\n<p><strong>B\u00fccherei<\/strong><br \/>\nIn Kutenholz gibt es eine Sch\u00fclerb\u00fccherei, die unter Aufsicht eines Bufdis von Sch\u00fclern gef\u00fchrt wird. Alle Sch\u00fcler haben dort die M\u00f6glichkeit, sich ein Buch auszuleihen.<\/p>\n<p><strong>Elterngespr\u00e4che<\/strong><br \/>\nElterngespr\u00e4che finden in Klassenstufe 1-3 einmal im Jahr statt. In der Klassenstufe 4 werden zwei Beratungsgespr\u00e4che wegen des \u00dcbergangs auf die weiterf\u00fchrende Schule angeboten. Sie haben aber immer die M\u00f6glichkeit, nach vorheriger Absprache, einen Gespr\u00e4chstermin mit dem Klassen- und\/oder Fachlehrer zu verabreden.<\/p>\n<p><strong>Einschulungsfeier<\/strong><br \/>\nImmer am Samstag nach Beginn eines neues Schuljahres begr\u00fc\u00dfen wir unsere neuen Erstkl\u00e4ssler mit einer Feier in der Kutenholzer Turnhalle. An diesem Tag erleben unsere Schulanf\u00e4nger ihre erste Schulstunde.<\/p>\n<p><strong>Ellerau<\/strong><br \/>\nE wie Ellerau; an dieser Stelle bedanken wir uns bei der Grundschule Ellerau und dem Rektor Herrn Henniges f\u00fcr die Unterst\u00fctzung.<\/p>\n<p><strong>Elternabende<\/strong><br \/>\nZweimal im Jahr findet in jeder Klassenstufe ein Elternabend statt, auf dem wichtige Dinge des Schulalltages besprochen werden oder die Elternvertreter gew\u00e4hlt werden. Bitte nehmen Sie im Interesse Ihres Kindes diese Termine wahr.<\/p>\n<p><strong>Elternmitarbeit<\/strong><br \/>\nOhne Unterst\u00fctzung der Eltern w\u00e4ren viele Feste und Veranstaltungen unserer Schule nicht m\u00f6glich. Wir bedanken uns an dieser Stelle sehr herzlich bei allen Eltern und Verwandten, die unsere Sch\u00fclerinnen und Sch\u00fcler und nat\u00fcrlich auch die Lehrer unterst\u00fctzen.<\/p>\n<p><strong>Entschuldigungen<\/strong><br \/>\nWenn Ihr Kind nicht am Unterricht teilnehmen kann, schreiben Sie umgehend eine Email an die Klassenleitung. Eine schriftliche Mitteilung mit den Daten des Vers\u00e4umniszeitraumes und &#8211; grundes geben Sie Ihrem Kind mit, wenn es wieder zur Schule kommt. In Einzelf\u00e4llen ist die Vorlage eines \u00e4rztlichen Attestes notwendig.<\/p>\n<p><strong>Fahrradfahren<\/strong><br \/>\nIhr Kind sollte erst mit dem Fahrrad zur Schule kommen, wenn Sie der Meinung sind, dass es den Weg sicher bew\u00e4ltigen kann. Das Fahrrad muss verkehrssicher sein und ein Helm ist zu benutzen. (Ein Fu\u00dfweg von 1,5 km ist zumutbar!) Radfahrer nehmen bitte auf dem gesamten Schulweg R\u00fccksicht auf die Fu\u00dfg\u00e4nger! Notfalls absteigen!<\/p>\n<p><strong>Fundsachen<\/strong><br \/>\nBitte alle Kleidungsst\u00fccke und pers\u00f6nlichen Dinge mit Namen versehen oder eindeutig kenntlich machen. Fundsachen werden an beiden Standorten am Sammelplatz gelagert. Bitte sehen Sie dort nach, wenn Ihr Kind etwas vermisst. Wir haben immer am Ende eines Schuljahres eine sehr gro\u00dfe Menge an Fundsachen, die wir dann aus Platzmangel dem Roten Kreuz stiften.<\/p>\n<p><strong>Fr\u00fchst\u00fcckszeit<\/strong><br \/>\nWir haben an beiden Standorten in der Zeit von 08:55 \u2013 09:05 Uhr Fr\u00fchst\u00fcckspause. Unser Bestreben ist es, die Kinder zu einem gesunden Fr\u00fchst\u00fcck anzuleiten. Bitte unterst\u00fctzen Sie uns dabei!<br \/>\nUm M\u00fcll zu vermeiden, verpacken Sie das Fr\u00fchst\u00fcck bitte in wieder verwendbaren Brotdosen.<\/p>\n<p><strong>F\u00f6rderverein<\/strong><br \/>\nAn unserer Schule gibt es den F\u00f6rderverein, in den Freunde und F\u00f6rderer der Schule eintreten k\u00f6nnen. Auch Sie sollten dort Mitglied werden, denn der F\u00f6rderverein hilft finanziell an vielen Stellen und in vielen Situationen. Das kommt auch Ihrem Kind zugute.<\/p>\n<p><strong>Handys und Smartwatches<\/strong><\/p>\n<p>Die Nutzung von digitalen Speichermedien und Mobiltelefonen ist nur zu Unterrichtszwecken auf Aufforderung der Lehrkraft erlaubt. Falls Ihr Kind eine Smartwatch oder ein Smartphone besitzt, sorgen Sie bitte daf\u00fcr, dass diese Ger\u00e4te in ausgeschaltetem Zustand im Schulranzen bleiben oder \u2013 besser noch \u2013 erst gar nicht in die Schule mitgenommen werden. Ausnahmen teilen Ihnen im Einzelfall die Lehrer\/Lehrerinnen mit.<\/p>\n<p><strong>Hausaufgaben<\/strong><br \/>\nIhre Kinder bekommen regelm\u00e4\u00dfig Aufgaben auf, die zu Hause bearbeitet werden m\u00fcssen. Bitte zeigen Sie Interesse an den Arbeiten Ihres Kindes, arbeiten Sie aber nicht f\u00fcr Ihr Kind. Leiten Sie Ihr Kind zur Eigenverantwortlichkeit an, das hei\u00dft, besorgen Sie nicht \u00fcber andere Eltern die fehlenden Arbeitsmaterialien, sondern schicken Sie Ihr Kind los, um sich bei Klassenkameraden die fehlenden Dinge auszuleihen.<\/p>\n<p><strong>Hausschuhe<\/strong><br \/>\nF\u00fcr beide Standorte gilt: \u201eWir sind eine \u201eHausschuh-Schule\u201c. Das bedeutet, Ihr Kind ben\u00f6tigt f\u00fcr den Schulvormittag ein Paar Hausschuhe. Bitte kontrollieren Sie zu den Ferien, ob die Schuhgr\u00f6\u00dfe noch passt.<\/p>\n<p><strong>Klassenfahrt<\/strong><br \/>\nIn der dritten oder vierten Klasse unternimmt jede Klasse eine mehrt\u00e4gige Klassenfahrt.<\/p>\n<p><strong>Kopfl\u00e4use<\/strong><br \/>\nWenn Ihr Kind von Kopfl\u00e4usen befallen ist, gehen Sie zum Arzt und ergreifen die richtigen Ma\u00dfnahmen.<br \/>\nEine Ausbreitung verhindern wir nur, wenn Sie uns sofort informieren, damit wir die Eltern der anderen Kinder benachrichtigen k\u00f6nnen. Darum sind die Eltern verpflichtet, die Schule \u00fcber das Auftreten von L\u00e4usen in Kenntnis zu setzen.<br \/>\nSchicken Sie Ihr Kind erst wieder in die Schule, wenn es v\u00f6llig l\u00e4usefrei ist.<br \/>\nBitte untersuchen Sie Ihr Kind auch unabh\u00e4ngig von aktuellen F\u00e4llen regelm\u00e4\u00dfig!<\/p>\n<p><strong>Postmappe<\/strong><br \/>\nJedes Kind hat eine Postmappe, in der wichtige Unterlagen f\u00fcr Sie abgelegt werden. Bitte sehen Sie regelm\u00e4\u00dfig in diese Postmappe oder noch besser, lassen Sie sich die Mappe von Ihrem Kind zeigen. Sollten Sie Zettel oder Briefe f\u00fcr die Schule in diese Mappe legen, informieren Sie Ihr Kind dar\u00fcber.<\/p>\n<p><strong>Pausen (siehe Stundenzeiten)<\/strong><br \/>\nGleitender Anfang bedeutet, die Kinder m\u00fcssen 10 Minuten vor der 1. Stunde (7:50 Uhr) in ihren Klassenraum gehen. Wenn es w\u00e4hrend der Hofpausen zu stark regnet, klingeln wir zur Regenpause ab. Die Kinder bleiben dann beaufsichtigt im Klassenraum.<\/p>\n<p><strong>Schulb\u00fccher<\/strong><br \/>\nSchulb\u00fccher werden zum Teil von der Schule bei Teilnahme am kostenpflichtigen Ausleihverfahren zur Verf\u00fcgung gestellt. Viele Materialien sind Verbrauchsmaterialen.<br \/>\nWir erwarten, dass mit den entliehenen B\u00fcchern sorgf\u00e4ltig umgegangen wird! Dazu geh\u00f6rt das Einschlagen der Schulb\u00fccher am Anfang des Schuljahres.<br \/>\nBesch\u00e4digte und verlorene B\u00fccher m\u00fcssen von Ihnen ersetzt werden. Ein vern\u00fcnftiges Zusammenwirken auf diesem Gebiet hilft nicht nur \u00f6ffentliche Finanzen zu sparen, sondern leistet auch ein St\u00fcck gemeinsame Erziehungsarbeit.<\/p>\n<p><strong>Schulsekret\u00e4rin<\/strong><br \/>\nFrau Scheer ist t\u00e4glich &#8211; <strong>au\u00dfer dienstags<\/strong> &#8211; im B\u00fcro in der Zeit von 8:30 \u2013 13:00 Uhr zu erreichen:<br \/>\nGrundschule Mulsum-Kutenholz<br \/>\nIm D\u00e4nsch 2<br \/>\n27449 Kutenholz<br \/>\nTel: 0 47 62 \/ 92 12 40<\/p>\n<p><strong>Schultasche<\/strong><br \/>\nIn den ersten Jahren sollten Sie abends gemeinsam mit Ihrem Kind die Schultasche packen. Hinein kommt nur, was wirklich am n\u00e4chsten Tag gebraucht wird. Sammelalben, Spielkonsolen oder Kuscheltiere bleiben zu Hause. Die gepackte Schultasche sollte nicht mehr als zehn Prozent des K\u00f6rpergewichtes betragen, das sind zwei bis maximal vier Kilogramm inklusive Fr\u00fchst\u00fcck.<\/p>\n<p><strong>Schulveranstaltungen<\/strong><br \/>\nDer traditionelle Tag der Musik, Musik-, Theater- und Sportveranstaltungen, eint\u00e4gige und mehrt\u00e4gige Wanderfahrten usw. sind feste Bestandteile unseres Schullebens. Diesbez\u00fcgliche Organisationsfragen werden auf der Schulkonferenz beraten und entschieden.<\/p>\n<p><strong>Schulvorstand<\/strong><br \/>\nDer Schulvorstand ist das oberste Beschlussorgan der Schule. In ihm sind 4 Eltern und 4 Lehrkr\u00e4fte vertreten. Mindestens zweimal im Jahr tagt der Schulvorstand und befindet \u00fcber wichtige schulische Belange.<\/p>\n<p><strong>Soziale Arbeit in schulischer Verantwortung<\/strong><\/p>\n<p>An unserer Schule ist eine Schulsozialarbeiter angestellt. Er unterst\u00fctzt das multiprofessionelle Team unserer Grundschule zu gleichen Teilen an beiden Standorten.<\/p>\n<p>Zu erreichen ist Herr Seidel unter der Mail Adresse: <a href=\"mailto:tina.wilhelmi@gsmuku.de\">wolfgang.seidel@gsmuku.de<\/a><\/p>\n<p><strong>Sportunterricht<\/strong><br \/>\nBitte achten Sie an Tagen mit Sportunterricht darauf, dass Ihr Kind keine Kleidungsst\u00fccke tr\u00e4gt, die schwer an- und ausziehbar sind. Wenn Ihr Kind Sportschuhe mit Schleifen tr\u00e4gt, \u00fcben Sie bitte das selbstst\u00e4ndige Binden einer Schleife.<br \/>\nDas Tragen von Armbanduhren, Ketten und Ohrringen ist verboten.<br \/>\nOhrstecker m\u00fcssen vom Kind selbstst\u00e4ndig abgeklebt werden.<br \/>\nWir k\u00f6nnen f\u00fcr abhanden gekommene Wertgegenst\u00e4nde, auch wenn sie bei der Lehrkraft in Verwahrung gegeben werden, keine Haftung \u00fcbernehmen.<\/p>\n<p><strong>Telefonkette<\/strong><br \/>\nZu Beginn jeden Schuljahres erstellt die Klassenleitung eine\u00a0Telefonkette\u00a0mit allen Telefonnummern der Sch\u00fcler der Klasse, damit innerhalb einer Klasse wichtige Informationen schnell weiter gegeben werden k\u00f6nnen. \u00c4nderungen m\u00fcssen zeitnah mitgeteilt werden.<\/p>\n<p><strong>Unfallmeldung<\/strong><br \/>\nZu einer Verletzung in der Schule oder auf dem Schulweg kommt es bei Ihrem Kind hoffentlich nicht. Sollte es doch so sein und Sie m\u00fcssen einen Arzt aufsuchen, bitten wir Sie, uns unverz\u00fcglich davon zu unterrichten. Es muss dann ein so genannter Unfallbericht aufgenommen werden, denn Ihr Kind ist im Schulgeb\u00e4ude, auf dem Schulgel\u00e4nde und auf dem Schulweg bei der GUV versichert.<br \/>\nBesonders bei einem Schulunfall ist es wichtig, dass wir Sie m\u00f6glichst schnell telefonisch (Festnetz, z.B. Arbeitsstelle, und auch mobil) erreichen k\u00f6nnen.<\/p>\n<p><strong>Unterrichtsbefreiung<\/strong><br \/>\nJeder Wunsch von Unterrichtsbefreiung ist rechtzeitig schriftlich durch die Erziehungsberechtigten zu begr\u00fcnden. Unterrichtsbefreiungen bis zu 2 aufeinander folgenden Tagen im Monat, die nicht an die Ferien gebunden sind, k\u00f6nnen von der Klassenlehrerin \/ dem Klassenlehrer genehmigt werden. Alle anderen Unterrichtsbefreiungen m\u00fcssen bei der Schulleiterin beantragt werden. \u00dcber die gleichzeitige Beurlaubung von Geschwistern entscheidet ebenfalls die Schulleiterin. Es ist nicht gestattet, durch Unterrichtsbefreiung die Ferien zu verl\u00e4ngern.<\/p>\n<p><strong>Verl\u00e4ssliche Grundschulzeiten<\/strong><br \/>\nDie Sch\u00fclerinnen und Sch\u00fcler der Jahrgangsstufe 1 und 2 haben pro Woche mindestens 21 Unterrichtsstunden, bei der Jahrgangsstufe 3 und 4 sind es mindestens 26 Unterrichtsstunden. Diese Unterrichtszeit erreichen wir durch Langstunden am Vormittag. In der Kernzeit von 8:00 \u2013 11:50 Uhr sind alle Jahrg\u00e4nge in der Schule.<br \/>\nIm Vertretungsfall f\u00fcr eine oder mehrere Lehrkr\u00e4fte greifen diverse Ma\u00dfnahmen unseres Vertretungskonzeptes.<\/p>\n<p><strong>Witterungsverh\u00e4ltnisse (hier: Unterrichtsausfall)<\/strong><br \/>\nDie oberste Schulaufsichtsbeh\u00f6rde trifft die Entscheidung \u00fcber Unterrichtsausfall bei au\u00dfergew\u00f6hnlichen Witterungs- und Stra\u00dfenverh\u00e4ltnissen.<br \/>\nOffiziell informiert der NDR oder die Bandansage der Winter-Hotline 0800 1827271 dar\u00fcber.<br \/>\nEltern, die f\u00fcr ihr Kind eine besondere Gef\u00e4hrdung auf dem Schulweg durch die Witterungs- und Stra\u00dfenverh\u00e4ltnisse bef\u00fcrchten, k\u00f6nnen ihr Kind auch dann zu Hause behalten oder vorzeitig vom Unterricht abholen, wenn kein Unterrichtsausfall angeordnet ist.<br \/>\nTreten w\u00e4hrend des Unterrichts Witterungs- und Stra\u00dfenverh\u00e4ltnisse auf, die eine besondere Gef\u00e4hrdung der Kinder auf dem Heimweg erwarten lassen oder f\u00e4llt z.B. die Heizung aus, so entscheidet die Schulleitung \u00fcber eine vorzeitige Beendigung des Unterrichts. Auch wenn es oft sehr schwierig ist, bem\u00fchen wir uns um eine f\u00fcrsorgliche Betreuung und eine entsprechende Information an Sie.<br \/>\nZus\u00e4tzlicher Hinweis in diesem Zusammenhang:<br \/>\nEltern d\u00fcrfen grunds\u00e4tzlich nur nach R\u00fccksprache mit der Klassenlehrkraft \/ Schule die Telefonkette starten.<\/p>\n<p><strong>Zeugnis<\/strong><br \/>\nMomentan erhalten die Sch\u00fclerinnen und Sch\u00fcler der Klassenstufe 1 und 2 Zeugnisse in Berichtsform. Mit Beginn des 3. Schuljahres erhalten die Sch\u00fclerinnen und Sch\u00fcler ein Notenzeugnis.<\/p>\n","protected":false},"excerpt":{"rendered":"<p>Abholen\/Bringen Wir sind eine \u00f6ffentliche Schule und die Eltern und Bezugspersonen unserer Schulkinder begr\u00fc\u00dfen wir gerne in unserer Schule. Im Interesse der Selbstst\u00e4ndigkeit Ihrer Kinder bedenken Sie aber bitte, Ihre Kinder nach einer kurzen Eingew\u00f6hnungsphase in der ersten Klasse nicht mehr direkt bis in den Klassenraum zu bringen bzw. vor der Klassent\u00fcr abzuholen, sondern vor [&hellip;]<\/p>\n","protected":false},"author":2,"featured_media":0,"parent":100,"menu_order":0,"comment_status":"closed","ping_status":"closed","template":"","meta":{"ngg_post_thumbnail":0,"footnotes":""},"class_list":["post-375","page","type-page","status-publish","hentry"],"yoast_head":"<!-- This site is optimized with the Yoast SEO plugin v27.4 - https:\/\/yoast.com\/product\/yoast-seo-wordpress\/ -->\n<title>Schule von A - Z - Grundschule Mulsum - Kutenholz<\/title>\n<meta name=\"robots\" content=\"index, follow, max-snippet:-1, max-image-preview:large, max-video-preview:-1\" \/>\n<link rel=\"canonical\" href=\"https:\/\/gsmulsum-kutenholz.de\/?page_id=375\" \/>\n<meta property=\"og:locale\" content=\"de_DE\" \/>\n<meta property=\"og:type\" content=\"article\" \/>\n<meta property=\"og:title\" content=\"Schule von A - Z - Grundschule Mulsum - Kutenholz\" \/>\n<meta property=\"og:description\" content=\"Abholen\/Bringen Wir sind eine \u00f6ffentliche Schule und die Eltern und Bezugspersonen unserer Schulkinder begr\u00fc\u00dfen wir gerne in unserer Schule. Im Interesse der Selbstst\u00e4ndigkeit Ihrer Kinder bedenken Sie aber bitte, Ihre Kinder nach einer kurzen Eingew\u00f6hnungsphase in der ersten Klasse nicht mehr direkt bis in den Klassenraum zu bringen bzw. vor der Klassent\u00fcr abzuholen, sondern vor [&hellip;]\" \/>\n<meta property=\"og:url\" content=\"https:\/\/gsmulsum-kutenholz.de\/?page_id=375\" \/>\n<meta property=\"og:site_name\" content=\"Grundschule Mulsum - Kutenholz\" \/>\n<meta property=\"article:modified_time\" content=\"2026-01-23T10:53:07+00:00\" \/>\n<meta name=\"twitter:card\" content=\"summary_large_image\" \/>\n<meta name=\"twitter:label1\" content=\"Gesch\u00e4tzte Lesezeit\" \/>\n\t<meta name=\"twitter:data1\" content=\"9\u00a0Minuten\" \/>\n<script type=\"application\/ld+json\" class=\"yoast-schema-graph\">{\"@context\":\"https:\\\/\\\/schema.org\",\"@graph\":[{\"@type\":\"WebPage\",\"@id\":\"https:\\\/\\\/gsmulsum-kutenholz.de\\\/?page_id=375\",\"url\":\"https:\\\/\\\/gsmulsum-kutenholz.de\\\/?page_id=375\",\"name\":\"Schule von A - Z - Grundschule Mulsum - Kutenholz\",\"isPartOf\":{\"@id\":\"https:\\\/\\\/gsmulsum-kutenholz.de\\\/#website\"},\"datePublished\":\"2018-04-23T19:40:07+00:00\",\"dateModified\":\"2026-01-23T10:53:07+00:00\",\"breadcrumb\":{\"@id\":\"https:\\\/\\\/gsmulsum-kutenholz.de\\\/?page_id=375#breadcrumb\"},\"inLanguage\":\"de\",\"potentialAction\":[{\"@type\":\"ReadAction\",\"target\":[\"https:\\\/\\\/gsmulsum-kutenholz.de\\\/?page_id=375\"]}]},{\"@type\":\"BreadcrumbList\",\"@id\":\"https:\\\/\\\/gsmulsum-kutenholz.de\\\/?page_id=375#breadcrumb\",\"itemListElement\":[{\"@type\":\"ListItem\",\"position\":1,\"name\":\"Start\",\"item\":\"https:\\\/\\\/gsmulsum-kutenholz.de\\\/\"},{\"@type\":\"ListItem\",\"position\":2,\"name\":\"Schulleben\",\"item\":\"https:\\\/\\\/gsmulsum-kutenholz.de\\\/?page_id=100\"},{\"@type\":\"ListItem\",\"position\":3,\"name\":\"Schule von A &#8211; Z\"}]},{\"@type\":\"WebSite\",\"@id\":\"https:\\\/\\\/gsmulsum-kutenholz.de\\\/#website\",\"url\":\"https:\\\/\\\/gsmulsum-kutenholz.de\\\/\",\"name\":\"Grundschule Mulsum - Kutenholz\",\"description\":\"\",\"potentialAction\":[{\"@type\":\"SearchAction\",\"target\":{\"@type\":\"EntryPoint\",\"urlTemplate\":\"https:\\\/\\\/gsmulsum-kutenholz.de\\\/?s={search_term_string}\"},\"query-input\":{\"@type\":\"PropertyValueSpecification\",\"valueRequired\":true,\"valueName\":\"search_term_string\"}}],\"inLanguage\":\"de\"}]}<\/script>\n<!-- \/ Yoast SEO plugin. -->","yoast_head_json":{"title":"Schule von A - Z - Grundschule Mulsum - Kutenholz","robots":{"index":"index","follow":"follow","max-snippet":"max-snippet:-1","max-image-preview":"max-image-preview:large","max-video-preview":"max-video-preview:-1"},"canonical":"https:\/\/gsmulsum-kutenholz.de\/?page_id=375","og_locale":"de_DE","og_type":"article","og_title":"Schule von A - Z - Grundschule Mulsum - Kutenholz","og_description":"Abholen\/Bringen Wir sind eine \u00f6ffentliche Schule und die Eltern und Bezugspersonen unserer Schulkinder begr\u00fc\u00dfen wir gerne in unserer Schule. Im Interesse der Selbstst\u00e4ndigkeit Ihrer Kinder bedenken Sie aber bitte, Ihre Kinder nach einer kurzen Eingew\u00f6hnungsphase in der ersten Klasse nicht mehr direkt bis in den Klassenraum zu bringen bzw. vor der Klassent\u00fcr abzuholen, sondern vor [&hellip;]","og_url":"https:\/\/gsmulsum-kutenholz.de\/?page_id=375","og_site_name":"Grundschule Mulsum - Kutenholz","article_modified_time":"2026-01-23T10:53:07+00:00","twitter_card":"summary_large_image","twitter_misc":{"Gesch\u00e4tzte Lesezeit":"9\u00a0Minuten"},"schema":{"@context":"https:\/\/schema.org","@graph":[{"@type":"WebPage","@id":"https:\/\/gsmulsum-kutenholz.de\/?page_id=375","url":"https:\/\/gsmulsum-kutenholz.de\/?page_id=375","name":"Schule von A - Z - Grundschule Mulsum - Kutenholz","isPartOf":{"@id":"https:\/\/gsmulsum-kutenholz.de\/#website"},"datePublished":"2018-04-23T19:40:07+00:00","dateModified":"2026-01-23T10:53:07+00:00","breadcrumb":{"@id":"https:\/\/gsmulsum-kutenholz.de\/?page_id=375#breadcrumb"},"inLanguage":"de","potentialAction":[{"@type":"ReadAction","target":["https:\/\/gsmulsum-kutenholz.de\/?page_id=375"]}]},{"@type":"BreadcrumbList","@id":"https:\/\/gsmulsum-kutenholz.de\/?page_id=375#breadcrumb","itemListElement":[{"@type":"ListItem","position":1,"name":"Start","item":"https:\/\/gsmulsum-kutenholz.de\/"},{"@type":"ListItem","position":2,"name":"Schulleben","item":"https:\/\/gsmulsum-kutenholz.de\/?page_id=100"},{"@type":"ListItem","position":3,"name":"Schule von A &#8211; Z"}]},{"@type":"WebSite","@id":"https:\/\/gsmulsum-kutenholz.de\/#website","url":"https:\/\/gsmulsum-kutenholz.de\/","name":"Grundschule Mulsum - Kutenholz","description":"","potentialAction":[{"@type":"SearchAction","target":{"@type":"EntryPoint","urlTemplate":"https:\/\/gsmulsum-kutenholz.de\/?s={search_term_string}"},"query-input":{"@type":"PropertyValueSpecification","valueRequired":true,"valueName":"search_term_string"}}],"inLanguage":"de"}]}},"_links":{"self":[{"href":"https:\/\/gsmulsum-kutenholz.de\/index.php?rest_route=\/wp\/v2\/pages\/375","targetHints":{"allow":["GET"]}}],"collection":[{"href":"https:\/\/gsmulsum-kutenholz.de\/index.php?rest_route=\/wp\/v2\/pages"}],"about":[{"href":"https:\/\/gsmulsum-kutenholz.de\/index.php?rest_route=\/wp\/v2\/types\/page"}],"author":[{"embeddable":true,"href":"https:\/\/gsmulsum-kutenholz.de\/index.php?rest_route=\/wp\/v2\/users\/2"}],"replies":[{"embeddable":true,"href":"https:\/\/gsmulsum-kutenholz.de\/index.php?rest_route=%2Fwp%2Fv2%2Fcomments&post=375"}],"version-history":[{"count":15,"href":"https:\/\/gsmulsum-kutenholz.de\/index.php?rest_route=\/wp\/v2\/pages\/375\/revisions"}],"predecessor-version":[{"id":5460,"href":"https:\/\/gsmulsum-kutenholz.de\/index.php?rest_route=\/wp\/v2\/pages\/375\/revisions\/5460"}],"up":[{"embeddable":true,"href":"https:\/\/gsmulsum-kutenholz.de\/index.php?rest_route=\/wp\/v2\/pages\/100"}],"wp:attachment":[{"href":"https:\/\/gsmulsum-kutenholz.de\/index.php?rest_route=%2Fwp%2Fv2%2Fmedia&parent=375"}],"curies":[{"name":"wp","href":"https:\/\/api.w.org\/{rel}","templated":true}]}}